{"id":75,"date":"2013-09-21T22:04:22","date_gmt":"2013-09-21T22:04:22","guid":{"rendered":"http:\/\/blog.metu.edu.tr\/yisibel\/?page_id=75"},"modified":"2013-10-06T17:34:17","modified_gmt":"2013-10-06T17:34:17","slug":"turk-ve-dunya-edebiyatindan-secmeler","status":"publish","type":"page","link":"https:\/\/blog.metu.edu.tr\/yisibel\/ders-izlenceleri-2\/turk-ve-dunya-edebiyatindan-secmeler\/","title":{"rendered":"T\u00fcrk ve D\u00fcnya Edebiyat\u0131ndan Se\u00e7meler"},"content":{"rendered":"<p><b>T\u00fcrk ve D\u00fcnya Edebiyat\u0131ndan Se\u00e7meler Dersi (6420113) Ders \u0130zlencesi<\/b><\/p>\n<p><b>Dersin t\u00fcr\u00fc: Se\u00e7meli\/ &amp; 70 Devam Ko\u015fulu<\/b><\/p>\n<p><b>Ders saati: 4 ders saati<\/b><\/p>\n<p><b>De\u011ferlendirme sistemi: :<\/b> Sunum% 30, \u00d6dev %20, Derse devam ve kat\u0131l\u0131m %10, D\u00f6nem sonu s\u0131nav\u0131 %40. <b><\/b><\/p>\n<p><b><span style=\"text-decoration: underline\">Dersin haftalara g\u00f6re i\u00e7eri\u011fi:<\/span><\/b><\/p>\n<p><b style=\"line-height: 1.714285714;font-size: 1rem\">1.\u00a0<\/b><b style=\"line-height: 1.714285714;font-size: 1rem\">Hafta<\/b><span style=\"line-height: 1.714285714;font-size: 1rem\">: Tan\u0131\u015fma \/ Dersin i\u00e7eri\u011fi ve ama\u00e7lar\u0131<\/span><\/p>\n<p><b>2.\u00a0<\/b><b>Hafta<\/b> <b>: <\/b>Edebi metnin \u00f6zellikleri \/ Edebi metin inceleme y\u00f6ntemleri<\/p>\n<p><b>3.\u00a0<\/b><b>Hafta<\/b>:\u00a0Dostoyevski \/ Yeralt\u0131ndan Notlar (olay \u00f6rg\u00fcs\u00fc, zaman, mek\u00e2n ve \u015fah\u0131s kadrosu)<\/p>\n<p><b>4.\u00a0<\/b><b>Hafta<\/b>: Dostoyevski \/ Yeralt\u0131ndan Notlar (tema, dil ve anlat\u0131m)<\/p>\n<p><b>5.\u00a0<\/b><b>Hafta<\/b>: Franz Kafka \/ D\u00f6n\u00fc\u015f\u00fcm<\/p>\n<p><b>6.\u00a0<\/b><b>Hafta<\/b>: \u00a0Albert Camus \/ Yabanc\u0131<\/p>\n<p><b>7.\u00a0<\/b><b>Hafta<\/b> : Albert Camus \/ Yabanc\u0131<\/p>\n<p><b>8.\u00a0<\/b><b>Hafta<\/b> : Sabahattin Ali \/ \u0130\u00e7imizdeki \u015eeytan<\/p>\n<p><b>9.\u00a0<\/b><b>Hafta<\/b>: Sabahattin Ali \/ \u0130\u00e7imizdeki \u015eeytan<\/p>\n<p><b>10.<\/b><b>Hafta <\/b>: Yusuf At\u0131lgan \/ Aylak Adam<\/p>\n<p><b>11.\u00a0<\/b><b>Hafta<\/b>: Yusuf At\u0131lgan \/ Aylak Adam<\/p>\n<p><b>12.<\/b><b>\u00a0Hafta<\/b>: O\u011fuz Atay \/ Korkuyu Beklerken<\/p>\n<p><b>13.\u00a0<\/b><b>Hafta <\/b>: Yabanc\u0131la\u015fma kavram\u0131<\/p>\n<p><b>14.\u00a0<\/b><b>Hafta: <\/b>Modernizm\/ Postmodernizm<\/p>\n<p><b>15.<\/b><b>\u00a0Hafta: <\/b>Genel de\u011ferlendirme<\/p>\n","protected":false},"excerpt":{"rendered":"<p>T\u00fcrk ve D\u00fcnya Edebiyat\u0131ndan Se\u00e7meler Dersi (6420113) Ders \u0130zlencesi Dersin t\u00fcr\u00fc: Se\u00e7meli\/ &amp; 70 Devam Ko\u015fulu Ders saati: 4 ders saati De\u011ferlendirme sistemi: : Sunum% 30, \u00d6dev %20, Derse devam ve kat\u0131l\u0131m %10, D\u00f6nem sonu s\u0131nav\u0131 %40. Dersin haftalara g\u00f6re i\u00e7eri\u011fi: 1.\u00a0Hafta: Tan\u0131\u015fma \/ Dersin i\u00e7eri\u011fi ve ama\u00e7lar\u0131 2.\u00a0Hafta : Edebi metnin \u00f6zellikleri \/ Edebi [&hellip;]<\/p>\n","protected":false},"author":1140,"featured_media":0,"parent":72,"menu_order":0,"comment_status":"open","ping_status":"open","template":"","meta":{"footnotes":"","_links_to":"","_links_to_target":""},"class_list":["post-75","page","type-page","status-publish","hentry"],"_links":{"self":[{"href":"https:\/\/blog.metu.edu.tr\/yisibel\/wp-json\/wp\/v2\/pages\/75","targetHints":{"allow":["GET"]}}],"collection":[{"href":"https:\/\/blog.metu.edu.tr\/yisibel\/wp-json\/wp\/v2\/pages"}],"about":[{"href":"https:\/\/blog.metu.edu.tr\/yisibel\/wp-json\/wp\/v2\/types\/page"}],"author":[{"embeddable":true,"href":"https:\/\/blog.metu.edu.tr\/yisibel\/wp-json\/wp\/v2\/users\/1140"}],"replies":[{"embeddable":true,"href":"https:\/\/blog.metu.edu.tr\/yisibel\/wp-json\/wp\/v2\/comments?post=75"}],"version-history":[{"count":0,"href":"https:\/\/blog.metu.edu.tr\/yisibel\/wp-json\/wp\/v2\/pages\/75\/revisions"}],"up":[{"embeddable":true,"href":"https:\/\/blog.metu.edu.tr\/yisibel\/wp-json\/wp\/v2\/pages\/72"}],"wp:attachment":[{"href":"https:\/\/blog.metu.edu.tr\/yisibel\/wp-json\/wp\/v2\/media?parent=75"}],"curies":[{"name":"wp","href":"https:\/\/api.w.org\/{rel}","templated":true}]}}