{"id":47,"date":"2016-08-26T19:57:39","date_gmt":"2016-08-26T19:57:39","guid":{"rendered":"http:\/\/blog.metu.edu.tr\/birgonul\/tr\/?page_id=47"},"modified":"2026-03-26T13:15:45","modified_gmt":"2026-03-26T13:15:45","slug":"arastirmalar","status":"publish","type":"page","link":"https:\/\/blog.metu.edu.tr\/birgonul\/tr\/arastirmalar\/","title":{"rendered":"Dan\u0131\u015fmanl\u0131k"},"content":{"rendered":"<h4 style=\"text-align: center\"><strong>DANI\u015eMANLIK H\u0130ZMETLER\u0130\/ARA\u015eTIRMA PROJELER\u0130<\/strong><\/h4>\n<p style=\"text-align: justify\"><span style=\"color: #cf014f\">\u2022\u00a0<\/span>Devlet Planlama Te\u015fkilat\u0131 taraf\u0131ndan haz\u0131rlanan \u201c<strong><em> Kalk\u0131nma Plan\u0131, Transit Ta\u015f\u0131mac\u0131l\u0131k<\/em><\/strong>\u201d komisyonu\u2019na \u00fcyelik (Kas\u0131m 1982).<\/p>\n<p style=\"text-align: justify\"><span style=\"color: #cf014f\">\u2022\u00a0<\/span>Bay\u0131nd\u0131rl\u0131k Bakanl\u0131\u011f\u0131 i\u00e7in haz\u0131rlanan, \u201c<strong><em>Horasan-G\u00fcrbulak demiryolu hatt\u0131n\u0131n ekonomik fizibilitesinde<\/em><\/strong>\u201d ara\u015ft\u0131rmac\u0131 (Aral\u0131k 1984).<\/p>\n<p style=\"text-align: justify\"><span style=\"color: #cf014f\">\u2022\u00a0<\/span>Bay\u0131nd\u0131rl\u0131k Bakanl\u0131\u011f\u0131 i\u00e7in haz\u0131rlanan, \u201c<strong><em>Isparta-Antalya ve Burdur\u2011Antalya y\u00fcksek standartl\u0131 demiryolu koridorlar\u0131n\u0131n ekonomik fizibilitesinde<\/em><\/strong>\u201d ara\u015ft\u0131rmac\u0131 (Aral\u0131k 1986).<\/p>\n<p style=\"text-align: justify\"><span style=\"color: #cf014f\">\u2022\u00a0<\/span>Karayollar\u0131 Genel M\u00fcd\u00fcrl\u00fc\u011f\u00fc i\u00e7in y\u00fcr\u00fct\u00fclen, \u201c<strong><em>Milletleraras\u0131 Teknik \u015eartname ve \u0130hale Dosyalar\u0131n\u0131n haz\u0131rlanmas\u0131na<\/em><\/strong>\u201d y\u00f6nelik proje ekibinde ara\u015ft\u0131rmac\u0131.<\/p>\n<p style=\"text-align: justify\"><span style=\"color: #cf014f\">\u2022\u00a0<\/span>Karayollar\u0131 Genel M\u00fcd\u00fcrl\u00fc\u011f\u00fc\u2019ne haz\u0131rlanan, \u201c<strong><em>T\u00fcrkiye Karayollar\u0131nda Kara Noktalar\u0131n Tesbiti<\/em><\/strong>\u201d konulu projede ara\u015ft\u0131rmac\u0131 (Aral\u0131k 1986).<\/p>\n<p style=\"text-align: justify\"><span style=\"color: #cf014f\">\u2022\u00a0<\/span>Bursa B\u00fcy\u00fck\u015fehir Belediyesi\u2019ne haz\u0131rlanan, \u201c<strong><em>Bursa Ula\u015f\u0131m Master Plan\u0131<\/em><\/strong>\u201d konulu projede ara\u015ft\u0131rmac\u0131 (Temmuz 1987).<\/p>\n<p style=\"text-align: justify\"><span style=\"color: #cf014f\">\u2022\u00a0<\/span>Sivas Demir \u00c7elik \u0130\u015fletmesine haz\u0131rlanan, \u201c<strong><em>Hurda Demir Ta\u015f\u0131mac\u0131l\u0131\u011f\u0131-Fizibilite Et\u00fcd\u00fc<\/em><\/strong>\u201d ba\u015fl\u0131kl\u0131 projede ara\u015ft\u0131rmac\u0131 (Aral\u0131k 1987).<\/p>\n<p style=\"text-align: justify\"><span style=\"color: #cf014f\">\u2022\u00a0<\/span>TCDD\u2019nin \u201c<strong><em>Yap-\u0130\u015flet-Devret esas\u0131na g\u00f6re ihale etti\u011fi ta\u015f\u0131nmazlar\u0131n \u00a0\u00a0\u00a0\u00a0\u00a0de\u011ferlendirildi\u011fi<\/em><\/strong>\u201d Teknik Komisyon\u2019a dan\u0131\u015fmanl\u0131k (1989).<\/p>\n<p style=\"text-align: justify\"><span style=\"color: #cf014f\">\u2022\u00a0<\/span>ODT\u00dc-Sistem Bilimleri Ara\u015ft\u0131rma Enstit\u00fcs\u00fc (S\u0130BAREN) taraf\u0131ndan, Ankara B\u00fcy\u00fck\u015fehir Belediyesi\u2019ne haz\u0131rlanan \u201c<strong><em>Kat\u0131 at\u0131k y\u00f6netim sistemi ve tasar\u0131m\u0131<\/em><\/strong>\u201d\u00a0\u00a0 konulu projede ara\u015ft\u0131rmac\u0131 (Kas\u0131m 1990).<\/p>\n<p style=\"text-align: justify\"><span style=\"color: #cf014f\">\u2022\u00a0<\/span>T\u00fcrkiye G\u00fcbre Sanayi A.\u015e. (T\u00dcGSA\u015e),\u00a0 ile yabanc\u0131 m\u00fcteahhit firma aras\u0131nda\u00a0 \u201c<strong><em>G\u00f6t\u00fcr\u00fc bedel fiyatlar\u0131n uygulanmas\u0131ndan ortaya \u00e7\u0131kan anla\u015fmazl\u0131\u011f\u0131n<\/em><\/strong>\u201d de\u011ferlendirilmesinde dan\u0131\u015fmanl\u0131k (Ekim 1991).<\/p>\n<p style=\"text-align: justify\"><span style=\"color: #cf014f\">\u2022\u00a0<\/span>Devlet Malzeme Ofisi\u2019nin (DMO), \u201c<strong><em>Yap-\u0130\u015flet-Devret esas\u0131na g\u00f6re ihale etti\u011fi ta\u015f\u0131nmazlar\u0131n de\u011ferlendirildi\u011fi<\/em><\/strong>\u201d Teknik Komisyon\u2019a dan\u0131\u015fmanl\u0131k.<\/p>\n<p style=\"text-align: justify\"><span style=\"color: #cf014f\">\u2022 <span style=\"color: #000000\">T.C. <\/span><\/span>Bay\u0131nd\u0131rl\u0131k ve \u0130skan Bakanl\u0131\u011f\u0131 taraf\u0131ndan haz\u0131rlanan, \u201c<strong><em>Al\u00fcminyum do\u011frama, al\u00fcminyum \u00e7at\u0131 kaplamalar\u0131, al\u00fcminyum asma tavan i\u015flerine ili\u015fkin \u015fartnameye<\/em><\/strong>\u201d baz\u0131 \u00fcretici kurulu\u015f ve firmalar\u0131n itiraz etmeleri \u00fczerine, ileri s\u00fcr\u00fclen itirazlar\u0131n de\u011ferlendirilmesine y\u00f6nelik T.C. Bay\u0131nd\u0131rl\u0131k ve \u0130skan Bakanl\u0131\u011f\u0131\u2019na dan\u0131\u015fmanl\u0131k (Ekim 1992).<\/p>\n<p style=\"text-align: justify\"><span style=\"color: #cf014f\">\u2022\u00a0<\/span>Birle\u015fmi\u015f Milletler \u0130skan Te\u015fkilat\u0131nca (United Nations Centre for Human Settlements-Habitat); \u201c<strong><em>Geli\u015fmekte olan \u00fclkelerin toplu ta\u015f\u0131m hizmetlerinin sunumunda kar\u015f\u0131la\u015ft\u0131klar\u0131 zorluklar ve elde edinilen tecr\u00fcbeleri<\/em><\/strong>\u201d kapsayan yay\u0131n\u0131n haz\u0131rlanmas\u0131na dan\u0131\u015fmanl\u0131k (Kas\u0131m1992-Nisan 1993).<\/p>\n<p style=\"text-align: justify\"><span style=\"color: #cf014f\">\u2022\u00a0<\/span>MTA Genel M\u00fcd\u00fcrl\u00fc\u011f\u00fc \u0130n\u015faat Dairesi Ba\u015fkanl\u0131\u011f\u0131\u2019na, \u201c<strong><em>S\u0131va pozlar\u0131n\u0131n yorumlanmas\u0131nda y\u00fcklenici firma ile \u00e7\u0131kan ihtilaflar\u0131n de\u011ferlendirilmesinde<\/em><\/strong>\u201d dan\u0131\u015fmanl\u0131k (Temmuz 1993).<\/p>\n<p style=\"text-align: justify\"><span style=\"color: #cf014f\">\u2022\u00a0<\/span>Ya\u015far Holding \u2013 Otak \u0130n\u015faat\u2019a ait Ankara, Y\u00fckseli\u015f Koleji Ta\u015f\u0131nmazlar\u0131n\u0131n \u201c<strong><em>De\u011ferlendirme, Yeni Kullan\u0131m T\u00fcrlerini Belirleme ve \u00d6n Fizibilite Analizleri<\/em><\/strong>\u201dnin haz\u0131rlanmas\u0131nda dan\u0131\u015fmanl\u0131k (Aral\u0131k 1994).<\/p>\n<p style=\"text-align: justify\"><span style=\"color: #cf014f\">\u2022\u00a0<\/span>Eski\u015fehir B\u00fcy\u00fck\u015fehir Belediyesi\u2019ne haz\u0131rlanan, \u201c<strong><em>Ula\u015ft\u0131rma Ana Plan\u0131<\/em><\/strong>\u201d konulu projede ara\u015ft\u0131rmac\u0131.<\/p>\n<p style=\"text-align: justify\"><span style=\"color: #cf014f\">\u2022 <\/span>T.C. Ba\u015fbakanl\u0131k Milli \u0130stihbarat Te\u015fkilat\u0131 (M\u0130T), \u201c<strong><em>\u00c7aml\u0131dere E\u011fitim Tesisleri isale boru hatt\u0131 in\u015faat\u0131nda ortaya \u00e7\u0131kan anla\u015fmazl\u0131\u011f\u0131n giderilmesine<\/em><\/strong>\u201d y\u00f6nelik dan\u0131\u015fmanl\u0131k. (Temmuz 1997).<\/p>\n<p style=\"text-align: justify\"><span style=\"color: #cf014f\">\u2022 <\/span>T.C. Ba\u015fbakanl\u0131k Milli \u0130stihbarat Te\u015fkilat\u0131 (M\u0130T), \u201c<strong><em>\u00c7aml\u0131dere E\u011fitim Tesisleri yol in\u015faatlar\u0131n\u0131n kontrollu\u011fu<\/em><\/strong>\u201d konulu ara\u015ft\u0131rma projesinde y\u00f6neticilik (A\u011fustos-Kas\u0131m 1997).<\/p>\n<p style=\"text-align: justify\"><span style=\"color: #cf014f\">\u2022\u00a0<\/span>Y\u00fcksel Proje Uluslararas\u0131 A.\u015e.\u2019ye, \u201c<strong><em>Halkal\u0131 III. Etap Toplu Konut projesi kapsam\u0131nda finansman ve sat\u0131\u015f modellerinin belirlenmesi<\/em><\/strong>\u201d konusunda dan\u0131\u015fmanl\u0131k (Mart 1998).<\/p>\n<p style=\"text-align: justify\"><span style=\"color: #cf014f\">\u2022\u00a0<\/span>T\u00fcrkiye K\u0131z\u0131lay Derne\u011fi\u2019ne, \u201c<strong><em>Ankara K\u0131z\u0131lay Meydan\u0131nda Yap-\u0130\u015flet-Devret esas\u0131na g\u00f6re in\u015fa edilen rant tesislerine ait tekliflerin de\u011ferlendirilmesi<\/em><\/strong>\u201d konusunda dan\u0131\u015fmanl\u0131k (Haziran 1998).<\/p>\n<p style=\"text-align: justify\"><span style=\"color: #cf014f\">\u2022\u00a0<\/span>Ankara B\u00fcy\u00fck\u015fehir Belediyesi EGO Genel M\u00fcd\u00fcrl\u00fc\u011f\u00fc\u2019ne \u201c<strong><em>Metro III. a\u015fama fizibilite et\u00fcd\u00fc<\/em><\/strong>\u201d konulu ara\u015ft\u0131rma projesinde y\u00f6neticilik (Haziran-Temmuz 1998).<\/p>\n<p style=\"text-align: justify\"><span style=\"color: #cf014f\">\u2022\u00a0<\/span>Ankara B\u00fcy\u00fck\u015fehir Belediyesi EGO Genel M\u00fcd\u00fcrl\u00fc\u011f\u00fc\u2019ne \u201c<strong><em>Metro II. a\u015fama fizibilite et\u00fcd\u00fc<\/em><\/strong>\u201d konulu ara\u015ft\u0131rma projesinde y\u00f6neticilik (Eyl\u00fcl 1998).<\/p>\n<p style=\"text-align: justify\"><span style=\"color: #cf014f\">\u2022\u00a0<\/span>\u201c<strong><em>Akman D\u0131\u015f Tic. ve M\u00fct. A.\u015e.\u2019ye, Akman Condominium ve Tesislerinde seviye tespiti<\/em><\/strong>\u201d konusunda dan\u0131\u015fmanl\u0131k (Nisan 1999).<\/p>\n<p style=\"text-align: justify\"><span style=\"color: #cf014f\">\u2022\u00a0<\/span>Hollanda Kraliyet B\u00fcy\u00fckel\u00e7ili\u011fi\u2019ne, \u201c<strong><em>Ankara\u2019da yeni b\u00fcy\u00fckel\u00e7ilik binas\u0131 bulunmas\u0131\/in\u015fa edilmesi amac\u0131yla y\u00fcr\u00fct\u00fclen Pazar ara\u015ft\u0131rmas\u0131 ve \u00f6n fizibilite<\/em><\/strong>\u201d \u00e7al\u0131\u015fmas\u0131 i\u00e7in dan\u0131\u015fmanl\u0131k (Eyl\u00fcl 1999).<\/p>\n<p style=\"text-align: justify\"><span style=\"color: #cf014f\">\u2022 <\/span>T.C. Hava Kuvvetleri Komutanl\u0131\u011f\u0131\u2019na \u201c<strong><em>Malzeme ve sistem \u00f6m\u00fcrlerinin belirlenmesi ve standardizasyon \u00e7al\u0131\u015fmalar\u0131 (I. a\u015fama)<\/em><\/strong>\u201d konulu ara\u015ft\u0131rma projesinde y\u00f6neticilik (Kas\u0131m 1999).<\/p>\n<p style=\"text-align: justify\"><span style=\"color: #cf014f\">\u2022\u00a0<\/span>Hollanda Kraliyet B\u00fcy\u00fckel\u00e7ili\u011fi taraf\u0131ndan \u201c<strong><em>Ankara\u2019da olas\u0131 hizmet binas\u0131 olarak belirlenen bir ta\u015f\u0131nmaz\u0131n, ekonomik ve teknik olarak de\u011ferlendirilmesi<\/em><\/strong>\u201d konusunda dan\u0131\u015fmanl\u0131k (Ocak 2000).<\/p>\n<p style=\"text-align: justify\"><span style=\"color: #cf014f\">\u2022 <\/span>T.C. Devlet Hava Meydanlar\u0131 \u0130\u015fletmesi\u2019ne, \u201c<strong><em>Trabzon Hava Liman\u0131 in\u015faat\u0131 i\u015finin incelenmesi<\/em><\/strong>\u201d konulu ara\u015ft\u0131rma projesinde y\u00f6neticilik (May\u0131s 2001).<\/p>\n<p style=\"text-align: justify\"><span style=\"color: #cf014f\">\u2022 <span style=\"color: #000000\">T.C. <\/span><\/span>Devlet Hava Meydanlar\u0131 \u0130\u015fletmesi\u2019ne, \u201c<strong><em>Tokat Hava Liman\u0131 in\u015faat\u0131 i\u015finin incelenmesi<\/em><\/strong>\u201d konulu ara\u015ft\u0131rma projesinde y\u00f6neticilik (Temmuz 2001).<\/p>\n<p style=\"text-align: justify\"><span style=\"color: #cf014f\">\u2022 <span style=\"color: #000000\">T.C.<\/span><\/span><span style=\"color: #000000\">\u00a0<\/span>Devlet Hava Meydanlar\u0131 \u0130\u015fletmesi\u2019ne, \u201c<strong><em>Mardin Hava Liman\u0131 in\u015faat\u0131 i\u015finin incelenmesi<\/em><\/strong>\u201d konulu ara\u015ft\u0131rma projesinde y\u00f6neticilik (A\u011fustos 2001).<\/p>\n<p style=\"text-align: justify\"><span style=\"color: #cf014f\">\u2022\u00a0<\/span>Zafer Taahh\u00fct Elektrik \u0130n\u015faat ve Tic. A.\u015e.\u2019ye, Rusya Federasyonu Voskressensk \u015fehrinde bulunan \u201c<strong><em>\u00c7ikolata fabrikas\u0131 in\u015faat\u0131 i\u015finin mahallinde seviye tespiti ve incelenmesi<\/em><\/strong>\u201d konulu ara\u015ft\u0131rma projesinde ara\u015ft\u0131rmac\u0131 (Eyl\u00fcl-Ekim 2001).<\/p>\n<p style=\"text-align: justify\"><em><span style=\"color: #cf014f\">\u2022\u00a0<\/span>\u201cAkademik Link Program\u0131\u201d<\/em> kapsam\u0131nda, \u0130ngiliz K\u00fclt\u00fcr Heyeti taraf\u0131ndan desteklenen ve Reading \u00dcniversitesi ile birlikte y\u00fcr\u00fct\u00fclen \u201c<strong><em>T\u00fcrk in\u015faat sekt\u00f6r\u00fcn\u00fcn Girdi \u2013 \u00c7\u0131kt\u0131 Analizi<\/em><\/strong>\u201d konulu ara\u015ft\u0131rma projesinde y\u00f6netici (1998-2001)<\/p>\n<p style=\"text-align: justify\"><span style=\"color: #cf014f\">\u2022\u00a0<\/span>Attila Do\u011fan A.\u015e.\u2019ye, Band\u0131rma S\u00fclfirik Asit Tesisleri Projesi\u2019nde \u201c<strong><em>Temel m\u00fchendislik i\u015flerinin seviye belirlemesinde<\/em><\/strong>\u201d dan\u0131\u015fmanl\u0131k (Nisan 2002).<\/p>\n<p style=\"text-align: justify\"><span style=\"color: #cf014f\">\u2022\u00a0<\/span>STRABAG A.\u015e.\u2019ye, \u201c<strong><em>Bor\u00e7ka ve Muratl\u0131 Baraj\u0131 HES\u2019leri s\u00f6zle\u015fmelerinde tan\u0131mlanan eskalasyon form\u00fcllerinin uygulama prensipleri<\/em><\/strong>\u201d konusunda dan\u0131\u015fmanl\u0131k (Haziran 2002).<\/p>\n<p style=\"text-align: justify\"><span style=\"color: #cf014f\">\u2022\u00a0<\/span>STRABAG A.\u015e\u2019ye, \u201c<strong><em>Bor\u00e7ka ve Muratl\u0131 Baraj\u0131 ve HES\u2019lerindeki talep kalemlerinin belirlenmesi<\/em><\/strong>\u201d konusunda dan\u0131\u015fmanl\u0131k (Kas\u0131m 2002).<\/p>\n<p style=\"text-align: justify\"><span style=\"color: #cf014f\">\u2022\u00a0<\/span>\u201c<strong><em>T\u00fcrk in\u015faat \u015firketlerinde inovasyon y\u00f6netimi<\/em><\/strong>\u201d konulu bilimsel ara\u015ft\u0131rma projesinde (BAP) y\u00f6neticilik (May\u0131s 2002 \u2013 May\u0131s 2003).<\/p>\n<p style=\"text-align: justify\"><span style=\"color: #cf014f\">\u2022\u00a0<\/span>\u201c<strong><em>\u0130n\u015faat \u015firketlerinde organizasyonel etkinlik<\/em><\/strong>\u201d konulu bilimsel ara\u015ft\u0131rma projesinde (BAP) yard\u0131mc\u0131 y\u00f6neticilik (May\u0131s 2002 \u2013 May\u0131s 2003).<\/p>\n<p style=\"text-align: justify\"><span style=\"color: #cf014f\">\u2022\u00a0<\/span>Formula \u0130stanbul Yat\u0131r\u0131m A.\u015e.\u2019ye, \u201c<strong><em>Formula-1 yar\u0131\u015f pisti ve kompleksinin yap\u0131m i\u015finde ortaya \u00e7\u0131kan teknik sorunlar\u0131n de\u011ferlendirilmesi<\/em><\/strong>\u201d konulu ara\u015ft\u0131rma projesinde y\u00f6neticilik (A\u011fustos-Aral\u0131k 2005).<\/p>\n<p style=\"text-align: justify\"><span style=\"color: #cf014f\">\u2022\u00a0<\/span>Summa A.\u015e. b\u00fcnyesinde \u201c<strong><em>Planlama b\u00f6l\u00fcm\u00fc kurulmas\u0131<\/em><\/strong>\u201d konusunda dan\u0131\u015fmanl\u0131k (Ekim 2006).<\/p>\n<p style=\"text-align: justify\"><span style=\"color: #cf014f\">\u2022\u00a0<\/span>\u201c<em>Bilimsel \u0130\u015fbirli\u011fi Program\u0131<\/em>\u201d kapsam\u0131nda, \u0130ngiliz K\u00fclt\u00fcr Heyeti taraf\u0131ndan desteklenen ve Salford \u00dcniversitesi ile birlikte y\u00fcr\u00fct\u00fclen \u201c<strong><em>Development of a risk register database system to aid management of risk in construction projects<\/em><\/strong>\u201d konulu ara\u015ft\u0131rma projesinde ara\u015ft\u0131rmac\u0131 (Haziran 2005-Haziran 2007).<\/p>\n<p style=\"text-align: justify\"><span style=\"color: #cf014f\">\u2022\u00a0<\/span>STRABAG AG- T\u00fcrkiye Ankara \u015eubesine, \u201c<strong><em>Muratl\u0131 Baraj\u0131ndaki talep kalemlerinin incelenmesi<\/em><\/strong>\u201d konulu ara\u015ft\u0131rma projesinde y\u00f6neticilik (Temmuz 2007).<\/p>\n<p style=\"text-align: justify\"><span style=\"color: #cf014f\">\u2022\u00a0<\/span>TEKNOTES A.\u015e\u2019ye, \u201c<strong><em>Bulgaristan\u2019\u0131n Deven kentinde y\u00fcr\u00fct\u00fclen projede, ya\u015fanan gecikmelerin analizi<\/em><\/strong>\u201d konusunda dan\u0131\u015fmanl\u0131k (Eyl\u00fcl 2009).<\/p>\n<p style=\"text-align: justify\"><span style=\"color: #cf014f\">\u2022\u00a0<\/span>Zafer \u0130n\u015faat A.\u015e\u2019ye, \u201c<strong><em>Tacikistan, Du\u015fanbe\u2019deki Serena Otel\u2019in tamamlanma seviyesinin belirlenmesi<\/em><\/strong>\u201d konusunda dan\u0131\u015fmanl\u0131k (Ocak 2010).<\/p>\n<p style=\"text-align: justify\"><span style=\"color: #cf014f\">\u2022\u00a0<\/span>Prekons \u0130n\u015faat A.\u015e\u2019ye, \u201c<strong><em>Rusya Fedarasyonu\u2019nun,<\/em><\/strong><strong><em> Penza ve Astrachan \u015fehirlerindeki Sa\u011fl\u0131k Merkezi projelerinde i\u015f\u00e7ilik s\u00fcre ve maliyetlerinin belirlenmesi<\/em><\/strong>\u201d konusunda dan\u0131\u015fmanl\u0131k (Ekim 2011).<\/p>\n<p style=\"text-align: justify\"><span style=\"color: #cf014f\">\u2022\u00a0<\/span>MULTI Emlak Geli\u015ftirme Yat\u0131r\u0131m \u0130n\u015faat ve Ticaret A.\u015e\u2019ye, \u201c<strong><em>\u0130stanbul Bak\u0131rk\u00f6y\u2019de bulunan, Marmara Forum Al\u0131\u015f-Veri\u015f Merkezi projesinde ya\u015fanan ihtilaflar\u0131n halline y\u00f6nelik<\/em><\/strong>\u201d ba\u011f\u0131ms\u0131z uzman raporu haz\u0131rlanmas\u0131 (Nisan 2012).<\/p>\n<p style=\"text-align: justify\"><span style=\"color: #cf014f\">\u2022\u00a0<\/span>Plato Madencilik A.\u015e\u2019ye, \u201c<strong><em>K\u00fctahya Tav\u015fanl\u0131 \u00c7imento Fabrikas\u0131 Projesinde yer alan kaz\u0131 ve dolgu birim fiyat tariflerinin de\u011ferlendirilmesine<\/em><\/strong>\u201d y\u00f6nelik dan\u0131\u015fmanl\u0131k (Eyl\u00fcl 2012).<\/p>\n<p style=\"text-align: justify\"><span style=\"color: #cf014f\">\u2022\u00a0<\/span>Prekons \u0130n\u015faat A.\u015e\u2019ye, \u201c<strong><em>Rusya Fedarasyonu\u2019nun,<\/em><\/strong><strong><em> Krasnodar, Khabarovsk, Krasnoyarsk ve Tyumen \u015fehirlerindeki Sa\u011fl\u0131k Merkezi projelerinde i\u015f\u00e7ilik s\u00fcre ve maliyetlerinin belirlenmesi<\/em><\/strong>\u201d konusunda dan\u0131\u015fmanl\u0131k (Aral\u0131k 2012).<\/p>\n<p style=\"text-align: justify\"><span style=\"color: #cf014f\">\u2022\u00a0<\/span>Seda Eren Hukuk B\u00fcrosu\u2019na, \u201c<strong><em>T\u00fcrkmenistan\u2019\u0131n Lebap b\u00f6lgesinde y\u00fcr\u00fct\u00fclen, Garlyk Potasyum Maden Projesi\u2019nin uluslararas\u0131 tahkim yarg\u0131lamas\u0131 s\u00fcrecinde, kar kayb\u0131 hesaplar\u0131n\u0131n yap\u0131lmas\u0131na y\u00f6nelik<\/em><\/strong>\u201d ba\u011f\u0131ms\u0131z uzman raporu haz\u0131rlanmas\u0131 (Temmuz 2013).<\/p>\n<p style=\"text-align: justify\"><span style=\"color: #cf014f\">\u2022\u00a0<\/span>Enerjisa Enerji \u00dcretim A.\u015e\u2019ye, \u201c<strong><em>Sar\u0131g\u00fczel Baraj\u0131 ve HES projesinde ya\u015fanan gecikmelerin analizi<\/em><\/strong>\u201d konulu ba\u011f\u0131ms\u0131z uzman raporu haz\u0131rlanmas\u0131 (Ocak 2014).<\/p>\n<p style=\"text-align: justify\"><span style=\"color: #cf014f\">\u2022\u00a0<\/span>Enerjisa Enerji \u00dcretim A.\u015e\u2019ye, \u201c<strong><em>\u00c7amba\u015f\u0131 Reg\u00fclat\u00f6r\u00fc ve HES projesinde ya\u015fanan gecikmelerin analizi<\/em><\/strong>\u201d konulu ba\u011f\u0131ms\u0131z uzman raporu haz\u0131rlanmas\u0131 (\u015eubat 2014).<\/p>\n<p style=\"text-align: justify\"><span style=\"color: #cf014f\">\u2022\u00a0<\/span>Egemen \u0130n\u015faat A.\u015e.\u2019ye, \u201c<strong><em>\u0130stanbul \u0130l Emniyet M\u00fcd\u00fcrl\u00fc\u011f\u00fc Vatan Yerle\u015fkesi g\u00fc\u00e7lendirme ve onar\u0131m i\u015finde ortaya \u00e7\u0131kan ihtilaflar\u0131n de\u011ferlendirilmesi<\/em><\/strong>\u201d konulu ba\u011f\u0131ms\u0131z uzman raporu haz\u0131rlanmas\u0131 (Mart 2014).<\/p>\n<p style=\"text-align: justify\"><span style=\"color: #cf014f\">\u2022\u00a0<\/span>Peker \u0130n\u015faat A.\u015e\u2019ye \u201c<strong><em>\u00c7i\u011fdem Reg\u00fclat\u00f6r\u00fc ve HES Projesinde Seviye Tespiti<\/em><\/strong>\u201d konulu ba\u011f\u0131ms\u0131z uzman raporu haz\u0131rlanmas\u0131 (May\u0131s 2014).<\/p>\n<p style=\"text-align: justify\"><span style=\"color: #cf014f\">\u2022\u00a0<\/span>Cengiz-IC \u0130\u00e7ta\u015f-Belen Adi Ortakl\u0131\u011f\u0131na, \u201c<strong><em>Ankara-Istanbul Y\u00fcksek H\u0131zl\u0131 Tren Projesi-2 a\u015famas\u0131 kapsam\u0131nda y\u00fcr\u00fct\u00fclen uluslararas\u0131 tahkim yarg\u0131lamas\u0131na<\/em><\/strong>\u201d sunulmak \u00fczere ba\u011f\u0131ms\u0131z uzman raporu haz\u0131rlanmas\u0131 (Ekim 2014).<\/p>\n<p style=\"text-align: justify\"><span style=\"color: #cf014f\">\u2022\u00a0<\/span>Antalya \u00dcniversite Destekleme Vakf\u0131na, y\u00fcklenici ile ortaya \u00e7\u0131kan ihtilaf\u0131n \u00e7\u00f6z\u00fcm\u00fcne y\u00f6nelik ba\u011f\u0131ms\u0131z uzman raporu haz\u0131rlanmas\u0131 (Aral\u0131k 2014).<\/p>\n<p style=\"text-align: justify\"><strong> <span style=\"color: #cf014f\">\u2022\u00a0<\/span><\/strong>Temelsu Uluslararas\u0131 M\u00fchendislik Hizmetleri A.\u015e.\u2019ye, \u201c<strong><em>Mersin \u0130\u00e7mesuyu Rehabilatasyon Projesi kapsam\u0131nda kazan\u0131n vuku buldu\u011fu \u00e7ukur<\/em><\/strong>\u201d ile ilgili ba\u011f\u0131ms\u0131z uzman raporu haz\u0131rlanmas\u0131 (Nisan 2015).<\/p>\n<p style=\"text-align: justify\"><span style=\"color: #cf014f\">\u2022\u00a0<\/span>NAS-YSE-DETA\u015e Adi Ortakl\u0131\u011f\u0131na,<strong> \u201c<\/strong><strong><em>Filyos liman\u0131 in\u015faat\u0131 yap\u0131m i\u015fi teklifinde yer alan \u201c104\/a poz nolu ta\u015f nakli\u201d i\u015fine ait a\u015f\u0131r\u0131 d\u00fc\u015f\u00fck savunmas\u0131\u201d <\/em><\/strong>de\u011ferlendirme raporu haz\u0131rlanmas\u0131 (Nisan 2015).<\/p>\n<p style=\"text-align: justify\"><strong><em><span style=\"color: #cf014f\">\u2022\u00a0<\/span>\u00dcmraniye Kad\u0131n Do\u011fum ve \u00c7ocuk Hastal\u0131klar\u0131 Hastanesi Yap\u0131m \u0130\u015finde, <\/em><\/strong><em>Uyu\u015fmazl\u0131k \u00c7\u00f6z\u00fcm Kurulu \u00dcyesi <\/em>(May\u0131s 2015).<\/p>\n<p style=\"text-align: justify\"><strong><em><span style=\"color: #cf014f\">\u2022\u00a0<\/span>G\u00f6ztepe E\u011fitim ve Ara\u015ft\u0131rma Hastanesi Yeniden Yap\u0131m \u0130\u015finde,<\/em><\/strong> Uyu\u015fmazl\u0131k \u00c7\u00f6z\u00fcm Kurulu \u00dcyesi (Ocak 2016 \u2013 Ocak 2020).<\/p>\n<p style=\"text-align: justify\"><strong><em><span style=\"color: #cf014f\">\u2022\u00a0<\/span>Okmeydan\u0131 E\u011fitim ve Ara\u015ft\u0131rma Hastanesi Yeniden Yap\u0131m \u0130\u015finde,<\/em><\/strong> Uyu\u015fmazl\u0131k \u00c7\u00f6z\u00fcm Kurulu \u00dcyesi (A\u011fustos 2016 \u2013 Temmuz 2019).<\/p>\n<p style=\"text-align: justify\"><strong><em><span style=\"color: #cf014f\">\u2022\u00a0<\/span>Kartal E\u011fitim ve Ara\u015ft\u0131rma Hastanesi Yeniden Yap\u0131m \u0130\u015finde,<\/em><\/strong> Uyu\u015fmazl\u0131k \u00c7\u00f6z\u00fcm Kurulu \u00dcyesi (Ocak 2018 \u2013 Eyl\u00fcl 2019).<\/p>\n<p style=\"text-align: justify\"><span style=\"color: #cf014f\">\u2022\u00a0<\/span>G\u00fcri\u015f A.\u015e\u2019ye \u201c<strong><em>Uluslararas\u0131 tahkim yarg\u0131lamas\u0131 s\u00fcrecinde, Suriye Arap Cumhuriyeti\u2019nin Yarubiye ve Raqqa kentlerinde kurulu \u00e7imento tesislerinin ekonomik analizine y\u00f6nelik<\/em><\/strong>\u201d ba\u011f\u0131ms\u0131z uzman raporu haz\u0131rlanmas\u0131 (\u015eubat 2018).<\/p>\n<p style=\"text-align: justify\"><span style=\"color: #cf014f\">\u2022\u00a0<\/span>Bagfa\u015f Kalsiyum-Amonyum Nitrat \u00dcretim Tesisinin; \u201c<strong><em>\u00dcretim s\u00fcreci, i\u015f g\u00fcvenli\u011fi; \u00e7evresel etki de\u011ferlendirmesi; yang\u0131n riski ve korunma sistemleri y\u00f6n\u00fcnden<\/em><\/strong>\u201d teknik analizi (Eyl\u00fcl 2019).<\/p>\n<p style=\"text-align: justify\"><span style=\"color: #cf014f\">\u2022\u00a0<\/span>T\u00fcrkerler-Astaldi Ortak Giri\u015fimi\u2019ne \u201c<strong><em>Uluslararas\u0131 tahkim yarg\u0131lamas\u0131 s\u00fcrecinde, Ankara Etlik Entegre Sa\u011fl\u0131k Kamp\u00fcs\u00fc projesinde olu\u015fan ihtilafla ilgili<\/em><\/strong>\u201d ba\u011f\u0131ms\u0131z uzman raporu haz\u0131rlanmas\u0131 (Eyl\u00fcl 2019).<\/p>\n<p style=\"text-align: justify\"><span style=\"color: #cf014f\">\u2022\u00a0<\/span>Y\u00fcksel-T\u00fcrkerler Ortak Giri\u015fimi\u2019ne, \u201c<strong><em>Velime\u015fe Organize Sanayi B\u00f6lgesi Evsel ve End\u00fcstriyel At\u0131ksu Ar\u0131tma Tesisi Yap\u0131m\u0131 i\u015finde<\/em><\/strong><strong><em> olu\u015fan ihtilafla ilgili<\/em><\/strong>\u201d ba\u011f\u0131ms\u0131z uzman raporu haz\u0131rlanmas\u0131 (\u015eubat 2021).<\/p>\n<p style=\"text-align: justify\"><strong><em><span style=\"color: #cf014f\">\u2022\u00a0<\/span>Haydarpa\u015fa End\u00fcstri Meslek Lisesi Yap\u0131m \u0130\u015finde,<\/em><\/strong> Uyu\u015fmazl\u0131k \u00c7\u00f6z\u00fcm Kurulu \u00dcyesi (Mart 2021).<\/p>\n<p style=\"text-align: justify\"><span style=\"color: #cf014f\">\u2022\u00a0<\/span>Titan 2 &#8211; IC Ortak Giri\u015fimi\u2019ne,<strong> \u201c<\/strong><strong><em>Akkuyu N\u00fckleer Santrali projesinde hava ko\u015fullar\u0131n\u0131n i\u015f\u00e7i verimlili\u011fi \u00fczerindeki etkisi\u201d <\/em><\/strong>konulu de\u011ferlendirme raporu haz\u0131rlanmas\u0131 (Nisan 2021).<\/p>\n<p style=\"text-align: justify\"><span style=\"color: #cf014f\">\u2022\u00a0<\/span>Yap\u0131 Merkezi \u0130n\u015faat ve Sanayi A.\u015e.\u2019ye, \u201c<strong><em>Mandarin Oriental Bosphorus otel projesinde ya\u015fanan gecikmelerin d<\/em><\/strong><strong><em>e\u011ferlendirilmesine y<\/em><\/strong><strong><em>\u00f6nelik<\/em><\/strong>\u201d uzman raporu haz\u0131rlanmas\u0131 (May\u0131s 2021).<\/p>\n<p style=\"text-align: justify\"><span style=\"color: #cf014f\">\u2022\u00a0<\/span>Enerjisa Enerji \u00dcretim A.\u015e.\u2019ye, \u201c<strong><em>Alpaslan II Baraj\u0131 ve Hidroelektrik Santrali yap\u0131m i\u015findeki ihtilaflar\u0131n d<\/em><\/strong><strong><em>e\u011ferlendirilmesine y<\/em><\/strong><strong><em>\u00f6nelik<\/em><\/strong>\u201d uzman raporu haz\u0131rlanmas\u0131 (May\u0131s 2021).<\/p>\n<p style=\"text-align: justify\"><span style=\"color: #cf014f\">\u2022\u00a0<\/span>T\u00fcrkerler A.\u015e.\u2019ye \u201c<strong><em>\u0130stanbul Be\u015fikta\u015f\u2019da bulunan \u00c7ift\u00e7i Towers projesinin tamamlanma d\u00fczeyinin belirlenmesine y\u00f6nelik<\/em><\/strong>\u201d ba\u011f\u0131ms\u0131z uzman raporu haz\u0131rlanmas\u0131 (Aral\u0131k 2021).<\/p>\n<p style=\"text-align: justify\"><span style=\"color: #cf014f\">\u2022\u00a0<\/span>Titan 2 &#8211; IC Ortak Giri\u015fimi\u2019ne,<strong> \u201c<\/strong><strong><em>\u00d6zel g\u00fcvenlikli bir b\u00f6lgede yap\u0131m\u0131 devam eden tesisin konumu g\u00f6zetilerek i\u015fg\u00fcc\u00fc verimlili\u011findeki d\u00fc\u015f\u00fc\u015f katsay\u0131s\u0131n\u0131n belirlenmesi\u201d <\/em><\/strong>konulu de\u011ferlendirme raporu haz\u0131rlanmas\u0131 (Temmuz 2022).<\/p>\n<p style=\"text-align: justify\"><span style=\"color: #cf014f\">\u2022\u00a0<\/span>A4 Mimarl\u0131k ve \u0130n\u015faat Limited \u015eirketi\u2019ne, \u201c<strong><em>Archroma Kimya Sanayi ve Ticaret Limited \u015eirketin, Gebze Organize Sanayi B\u00f6lgesinde bulunan ofis ve laboratuvar alanlar\u0131n\u0131n tasar\u0131m ve uygulama<\/em><\/strong><strong><em> i\u015finde ortaya \u00e7\u0131kan ihtilaflar\u0131n de\u011ferlendirilmesine y\u00f6nelik<\/em><\/strong>\u201d uzman raporu haz\u0131rlanmas\u0131 (Kas\u0131m 2022).<\/p>\n<p style=\"text-align: justify\"><span style=\"color: #cf014f\">\u2022\u00a0<\/span>Ditaco Uluslararas\u0131 Ticaret ve M\u00fcteahhitlik Limited \u015eirketi\u2019ne \u201c<strong><em>Uluslararas\u0131 tahkim yarg\u0131lamas\u0131 s\u00fcrecinde, Demokratik Kongo Cumhuriyeti, Goma Uluslararas\u0131 Havaalan\u0131 Kontrol Kulesi yap\u0131m i\u015finde ortaya \u00e7\u0131kan ihtilafla ilgili<\/em><\/strong>\u201d ba\u011f\u0131ms\u0131z uzman raporu haz\u0131rlanmas\u0131 (Kas\u0131m 2022).<\/p>\n<p style=\"text-align: justify\"><span style=\"color: #cf014f\">\u2022\u00a0<\/span>Sar\u0131da\u011flar \u0130n\u015faat ve Ticaret A.\u015e.\u2019ye \u201c<strong><em>\u00c7aml\u0131ca Tv kulesinde kurulu vincin devrilerek d\u00fc\u015fmesi olay\u0131ndaki k\u00f6k sebebi belirlemeye y\u00f6nelik<\/em><\/strong>\u201d ba\u011f\u0131ms\u0131z uzman raporu haz\u0131rlanmas\u0131 (Aral\u0131k 2022).<\/p>\n<p style=\"text-align: justify\"><span style=\"color: #cf014f\">\u2022 <span style=\"color: #000000\">T.C.<\/span><\/span>\u00a0Ba\u015fbakanl\u0131k, T\u00fcrkiye \u0130statistik Kurumu\u2019na, \u201cAvrupa \u0130statistik Ofisi (EUROSTAT) i\u00e7in haz\u0131rlanan, OECD\u2019ye ba\u011fl\u0131 \u00fclkelerde \u201c<strong><em>Sat\u0131n alma g\u00fcc\u00fc paritesinin belirlenmesine y\u00f6nelik in\u015faat projelerinin fiyatland\u0131r\u0131lmas\u0131<\/em><\/strong>\u201d konulu ara\u015ft\u0131rma projelerinde y\u00f6neticilik (1993-2022).<\/p>\n<p style=\"text-align: justify\"><strong><em><span style=\"color: #cf014f\">\u2022 <\/span>Prof. Dr. Cemil Ta\u015f\u00e7\u0131o\u011flu \u015eehir Hastanesi 2. a\u015fama yeniden yap\u0131m i\u015finde,<\/em><\/strong> Uyu\u015fmazl\u0131k \u00c7\u00f6z\u00fcm Kurulu \u00dcyesi (Ocak 2023).<\/p>\n","protected":false},"excerpt":{"rendered":"<p>DANI\u015eMANLIK H\u0130ZMETLER\u0130\/ARA\u015eTIRMA PROJELER\u0130 \u2022\u00a0Devlet Planlama Te\u015fkilat\u0131 taraf\u0131ndan haz\u0131rlanan \u201c Kalk\u0131nma Plan\u0131, Transit Ta\u015f\u0131mac\u0131l\u0131k\u201d komisyonu\u2019na \u00fcyelik (Kas\u0131m 1982). \u2022\u00a0Bay\u0131nd\u0131rl\u0131k Bakanl\u0131\u011f\u0131 i\u00e7in haz\u0131rlanan, \u201cHorasan-G\u00fcrbulak demiryolu hatt\u0131n\u0131n ekonomik fizibilitesinde\u201d ara\u015ft\u0131rmac\u0131 (Aral\u0131k 1984). \u2022\u00a0Bay\u0131nd\u0131rl\u0131k Bakanl\u0131\u011f\u0131 i\u00e7in haz\u0131rlanan, \u201cIsparta-Antalya ve Burdur\u2011Antalya y\u00fcksek standartl\u0131 demiryolu koridorlar\u0131n\u0131n ekonomik fizibilitesinde\u201d ara\u015ft\u0131rmac\u0131 (Aral\u0131k 1986). \u2022\u00a0Karayollar\u0131 Genel M\u00fcd\u00fcrl\u00fc\u011f\u00fc i\u00e7in y\u00fcr\u00fct\u00fclen, \u201cMilletleraras\u0131 Teknik \u015eartname ve \u0130hale [&hellip;]<\/p>\n","protected":false},"author":4304,"featured_media":0,"parent":0,"menu_order":5,"comment_status":"closed","ping_status":"closed","template":"","meta":{"footnotes":"","_links_to":"","_links_to_target":""},"class_list":["post-47","page","type-page","status-publish","hentry"],"_links":{"self":[{"href":"https:\/\/blog.metu.edu.tr\/birgonul\/tr\/wp-json\/wp\/v2\/pages\/47","targetHints":{"allow":["GET"]}}],"collection":[{"href":"https:\/\/blog.metu.edu.tr\/birgonul\/tr\/wp-json\/wp\/v2\/pages"}],"about":[{"href":"https:\/\/blog.metu.edu.tr\/birgonul\/tr\/wp-json\/wp\/v2\/types\/page"}],"author":[{"embeddable":true,"href":"https:\/\/blog.metu.edu.tr\/birgonul\/tr\/wp-json\/wp\/v2\/users\/4304"}],"replies":[{"embeddable":true,"href":"https:\/\/blog.metu.edu.tr\/birgonul\/tr\/wp-json\/wp\/v2\/comments?post=47"}],"version-history":[{"count":0,"href":"https:\/\/blog.metu.edu.tr\/birgonul\/tr\/wp-json\/wp\/v2\/pages\/47\/revisions"}],"wp:attachment":[{"href":"https:\/\/blog.metu.edu.tr\/birgonul\/tr\/wp-json\/wp\/v2\/media?parent=47"}],"curies":[{"name":"wp","href":"https:\/\/api.w.org\/{rel}","templated":true}]}}