{"id":42,"date":"2016-08-26T19:53:32","date_gmt":"2016-08-26T19:53:32","guid":{"rendered":"http:\/\/blog.metu.edu.tr\/birgonul\/tr\/?page_id=42"},"modified":"2026-03-18T12:15:07","modified_gmt":"2026-03-18T12:15:07","slug":"deneyim","status":"publish","type":"page","link":"https:\/\/blog.metu.edu.tr\/birgonul\/tr\/deneyim\/","title":{"rendered":"Deneyim"},"content":{"rendered":"\n<h4 class=\"wp-block-heading\"><strong>AKADEM\u0130K DENEY\u0130M<\/strong><\/h4>\n\n\n\n<figure class=\"wp-block-table\"><table class=\"has-fixed-layout\"><tbody><tr><td><span style=\"color: #cf014f\">\u2022<\/span> 1979-1980 :<\/td><td><strong><em>\u00d6\u011frenci Asistan, <\/em><\/strong>ODT\u00dc \u0130n\u015faat M\u00fchendisli\u011fi B\u00f6l\u00fcm\u00fc<\/td><\/tr><tr><td><span style=\"color: #cf014f\">\u2022<\/span> 1980-1981 :<\/td><td><strong><em>Ara\u015ft\u0131rma G\u00f6revlisi, <\/em><\/strong>ODT\u00dc \u0130n\u015faat M\u00fchendisli\u011fi B\u00f6l\u00fcm\u00fc Yap\u0131m Y\u00f6netimi Dal\u0131<\/td><\/tr><tr><td><span style=\"color: #cf014f\">\u2022<\/span> 1981-1983 :<\/td><td><strong><em>\u00d6\u011fretim Asistan\u0131, <\/em><\/strong>ODT\u00dc \u0130n\u015faat M\u00fchendisli\u011fi B\u00f6l\u00fcm\u00fc Yap\u0131m Y\u00f6netimi Dal\u0131<\/td><\/tr><tr><td><span style=\"color: #cf014f\">\u2022<\/span> 1983-1985 :<\/td><td><strong><em>Ara\u015ft\u0131rma\/\u00d6\u011fretim Asistan\u0131, <\/em><\/strong>ODT\u00dc \u0130n\u015faat M\u00fchendisli\u011fi B\u00f6l\u00fcm\u00fc, Yap\u0131m Y\u00f6netimi Dal\u0131<\/td><\/tr><tr><td><span style=\"color: #cf014f\">\u2022<\/span> 1985-1990 :<\/td><td><strong><em>\u00d6\u011fretim G\u00f6revlisi, <\/em><\/strong>ODT\u00dc \u0130n\u015faat M\u00fchendisli\u011fi B\u00f6l\u00fcm\u00fc, Yap\u0131m Y\u00f6netimi Dal\u0131<\/td><\/tr><tr><td><span style=\"color: #cf014f\">\u2022<\/span> 1990-1996 :<\/td><td><strong><em>Y. Do\u00e7. Dr., <\/em><\/strong>ODT\u00dc \u0130n\u015faat M\u00fchendisli\u011fi B\u00f6l\u00fcm\u00fc, Yap\u0131m Y\u00f6netimi Dal\u0131<\/td><\/tr><tr><td><span style=\"color: #cf014f\">\u2022<\/span> 1993-1994 :<\/td><td><strong><em>Ziyaret\u00e7i \u00d6\u011fretim \u00dcyesi, Reading \u00dcniversitesi, <\/em><\/strong>Yap\u0131m Y\u00f6netimi ve M\u00fchendisli\u011fi B\u00f6l\u00fcm\u00fc<\/td><\/tr><tr><td><span style=\"color: #cf014f\">\u2022<\/span> 1996-2004 :<\/td><td><strong><em>Do\u00e7. Dr., <\/em><\/strong>ODT\u00dc \u0130n\u015faat M\u00fchendisli\u011fi B\u00f6l\u00fcm\u00fc, Yap\u0131m Y\u00f6netimi Dal\u0131<\/td><\/tr><tr><td><span style=\"color: #cf014f\">\u2022<\/span> 2004-2023 :<\/td><td><strong><em>Prof. Dr., <\/em><\/strong>ODT\u00dc \u0130n\u015faat M\u00fchendisli\u011fi B\u00f6l\u00fcm\u00fc, Yap\u0131m Y\u00f6netimi Dal\u0131<\/td><\/tr><tr><td><span style=\"color: #cf014f\">\u2022<\/span> 2023- :<\/td><td><strong><em>Prof.Dr. (Emekli)<\/em><\/strong>, ODT\u00dc \u0130n\u015faat M\u00fchendisli\u011fi B\u00f6l\u00fcm\u00fc, Yap\u0131m Y\u00f6netimi Dal\u0131<\/td><\/tr><\/tbody><\/table><\/figure>\n\n\n\n<h4 class=\"wp-block-heading\"><strong>D\u0130\u011eER ETK\u0130NL\u0130KLER<\/strong><\/h4>\n\n\n\n<figure class=\"wp-block-table\"><table class=\"has-fixed-layout\"><tbody><tr><td><span style=\"color: #cf014f\">\u2022&nbsp;<\/span>T\u00fcrk E\u011fitim Derne\u011fi (TED), Y\u00f6netim Kurulu \u00dcyeli\u011fi (1988-1989).<\/td><\/tr><tr><td><span style=\"color: #cf014f\">\u2022&nbsp;<\/span>ODT\u00dc \u0130n\u015faat M\u00fchendisli\u011fi B\u00f6l\u00fcm\u00fc\u2019n\u00fcn, ABET (Accreditation Board for Engineering and Technology) ba\u015fvurusu i\u00e7in olu\u015fturulan Komisyon\u2019da \u00fcyelik (1996).<\/td><\/tr><tr><td><span style=\"color: #cf014f\">\u2022<\/span> IAHS (International Association for Housing Science), \u201c<em>XXIV<sup>th<\/sup> D\u00fcnya Konut Kongresi<\/em>\u201d Sekreterli\u011fi (1996).<\/td><\/tr><tr><td><span style=\"color: #cf014f\">\u2022<\/span> ODT\u00dc-KENT Lojman \u0130n\u015faat\u0131 \u0130cra Komisyonu \u00dcyeli\u011fi (1996-1997).<\/td><\/tr><tr><td><span style=\"color: #cf014f\">\u2022<\/span> ODT\u00dc \u0130n\u015faat M\u00fchendisli\u011fi B\u00f6l\u00fcm\u00fc, \u201c<em>\u0130n\u015faat Haber B\u00fclteni<\/em>\u201d Yay\u0131n Kurulu \u00dcyeli\u011fi (1996-1999).<\/td><\/tr><tr><td><span style=\"color: #cf014f\">\u2022<\/span> \u0130n\u015faat M\u00fchendisli\u011finde Geli\u015fmeler (\u0130MG\u201997), III. Teknik Kongresi Sekreterli\u011fi (1997).<\/td><\/tr><tr><td><span style=\"color: #cf014f\">\u2022<\/span> ODT\u00dc \u0130n\u015faat M\u00fchendisli\u011fi B\u00f6l\u00fcm\u00fc\u2019nde, Y\u00fcksek Lisans E\u011fitim Komisyonu Ba\u015fkanl\u0131\u011f\u0131 (2000-2001).<\/td><\/tr><tr><td><span style=\"color: #cf014f\">\u2022<\/span> ODT\u00dc M\u00fchendislik Fak\u00fcltesi Y\u00f6netim Kurulu \u00dcyeli\u011fi (Kas\u0131m 1997 \u2013 Kas\u0131m 2003).<\/td><\/tr><tr><td><span style=\"color: #cf014f\">\u2022<\/span> ODT\u00dc \u0130n\u015faat Sekt\u00f6r\u00fc E\u011fitim Ara\u015ft\u0131rma Merkezi Y\u00f6netim Kurulu \u00dcyeli\u011fi (Temmuz 2002 \u2013 2005).<\/td><\/tr><tr><td><span style=\"color: #cf014f\">\u2022<\/span> ODT\u00dc \u0130n\u015faat M\u00fchendisli\u011fi B\u00f6l\u00fcm\u00fc, Yap\u0131m Y\u00f6netimi Dal\u0131 Y\u00f6neticili\u011fi (1999-2023).<\/td><\/tr><tr><td><span style=\"color: #cf014f\">\u2022<\/span> ODT\u00dc \u0130n\u015faat M\u00fchendisli\u011fi B\u00f6l\u00fcm\u00fc, Doktora Yeterlilik Komisyonu \u00dcyeli\u011fi (Eyl\u00fcl 2007- Nisan 2009).<\/td><\/tr><tr><td><span style=\"color: #cf014f\">\u2022<\/span> ODT\u00dc \u0130n\u015faat M\u00fchendisli\u011fi B\u00f6l\u00fcm\u00fc, Lisans E\u011fitim Komisyonu \u00dcyeli\u011fi (Nisan 2008- Nisan 2009).<\/td><\/tr><tr><td><span style=\"color: #cf014f\">\u2022<\/span> \u201c<em>Fifth International Conference on Construction in the 21<sup>st<\/sup> Century (CITC-V)<\/em>\u201d Konferans\u0131 E\u015f Ba\u015fkan\u0131, Istanbul (May\u0131s 2009).<\/td><\/tr><tr><td><span style=\"color: #cf014f\">\u2022<\/span> 1. Proje ve Yap\u0131m Y\u00f6netimi Kongresi Ba\u015fkan\u0131, ODT\u00dc K\u00fclt\u00fcr ve Kongre Merkezi, Ankara, (Eyl\u00fcl 2010).<\/td><\/tr><tr><td><span style=\"color: #cf014f\">\u2022<\/span> \u201cT\u00fcrkiye\u2019nin En Ba\u015far\u0131l\u0131 Emlak Yat\u0131r\u0131mlar\u0131 2011 Ara\u015ft\u0131rmas\u0131\u201d, J\u00fcri \u00dcyesi, Istanbul, (2011).<\/td><\/tr><tr><td><span style=\"color: #cf014f\">\u2022<\/span> 2. Proje ve Yap\u0131m Y\u00f6netimi Kongresi E\u015f Ba\u015fkan\u0131, \u0130zmir Y\u00fcksek Teknoloji Enstit\u00fcs\u00fc, \u0130zmir, (Eyl\u00fcl 2012).<\/td><\/tr><tr><td><span style=\"color: #cf014f\">\u2022<\/span> \u201cT\u00fcrkiye\u2019nin En Ba\u015far\u0131l\u0131 Emlak Yat\u0131r\u0131mlar\u0131 2012 Ara\u015ft\u0131rmas\u0131\u201d, J\u00fcri \u00dcyesi, Istanbul, (2012).<\/td><\/tr><tr><td><span style=\"color: #cf014f\">\u2022<\/span> ODT\u00dc Yap\u0131l\u0131 \u00c7evre ve Tasar\u0131m Uygulama ve Ara\u015ft\u0131rma Merkezi Y\u00f6netim Kurulu \u00dcyeli\u011fi (Aral\u0131k 2012- Aral\u0131k 2015).<\/td><\/tr><tr><td><span style=\"color: #cf014f\">\u2022<\/span> ODT\u00dc \u0130n\u015faat M\u00fchendisli\u011fi B\u00f6l\u00fcm\u00fc, Akademik Personel Komisyonu \u00dcyeli\u011fi (Nisan 2013- \u015eubat 2019).<\/td><\/tr><tr><td><span style=\"color: #cf014f\">\u2022<\/span> 3. Proje ve Yap\u0131m Y\u00f6netimi Kongresi E\u015f Ba\u015fkan\u0131, Akdeniz \u00dcniversitesi, Antalya, (Kas\u0131m 2014).<\/td><\/tr><tr><td><span style=\"color: #cf014f\">\u2022<\/span> 4. Proje ve Yap\u0131m Y\u00f6netimi Kongresi E\u015f Ba\u015fkan\u0131, Anadolu \u00dcniversitesi, Eski\u015fehir, (Kas\u0131m 2016).<\/td><\/tr><tr><td><span style=\"color: #cf014f\">\u2022<\/span>&nbsp;Uluslararas\u0131 5. Proje ve Yap\u0131m Y\u00f6netimi Kongresi E\u015f Ba\u015fkan\u0131, Girne, Kuzey K\u0131br\u0131s (Kas\u0131m 2018).<\/td><\/tr><tr><td><span style=\"color: #cf014f\">\u2022<\/span>&nbsp;Journal of Construction Engineering, Management &amp; Innovation (JCEMI) Dergisinin, Onursal Ba\u015f Edit\u00f6r\u00fc (Aral\u0131k 2018-).<\/td><\/tr><tr><td><span style=\"color: #cf014f\">\u2022<\/span>&nbsp;Uluslararas\u0131 6. Proje ve Yap\u0131m Y\u00f6netimi Kongresi E\u015f Ba\u015fkan\u0131, (e-IPCMC2020), Istanbul, (Kas\u0131m 2020).<\/td><\/tr><tr><td><span style=\"color: #cf014f\">\u2022<\/span>&nbsp;Uluslararas\u0131 7. Proje ve Yap\u0131m Y\u00f6netimi Kongresi E\u015f Ba\u015fkan\u0131, (IPCMC2022), Istanbul, (Ekim 2022).<\/td><\/tr><tr><td><span style=\"color: #cf014f\">\u2022<\/span>&nbsp;Uluslararas\u0131 8. Proje ve Yap\u0131m Y\u00f6netimi Kongresi E\u015f Ba\u015fkan\u0131, (IPCMC2024), Istanbul, (Haziran 2024).<\/td><\/tr><tr><td><span style=\"color: #cf014f\">\u2022<\/span>\u00a0Uluslararas\u0131 9. Proje ve Yap\u0131m Y\u00f6netimi Kongresi E\u015f Ba\u015fkan\u0131,<em>(IPCMC2026)<\/em>, Gaziantep, (Ekim 2026).<\/td><\/tr><\/tbody><\/table><\/figure>\n\n\n\n<h4 class=\"wp-block-heading\"><strong>S\u00dcREKL\u0130 E\u011e\u0130T\u0130M MERKEZ\u0130 (SEM) ARACILI\u011eIYLA VER\u0130LEN SEM\u0130NERLER<\/strong><\/h4>\n\n\n\n<figure class=\"wp-block-table\"><table class=\"has-fixed-layout\"><tbody><tr><td><span style=\"color: #cf014f\">\u2022<\/span> TCDD Genel M\u00fcd\u00fcrl\u00fc\u011f\u00fc, Ta\u015f\u0131nmaz ve \u0130n\u015faat Daireleri elemanlar\u0131na \u201c<strong><em>Ta\u015f\u0131nmaz Ekonomisi<\/em><\/strong>\u201d adl\u0131 seminer (Haziran 1993).<\/td><\/tr><tr><td><span style=\"color: #cf014f\">\u2022<\/span> STFA \u2013 ENERKOM\u2019a \u201c<strong><em>Proje Planlamas\u0131<\/em><\/strong>\u201d konulu seminer (Mart 1997).<\/td><\/tr><tr><td><span style=\"color: #cf014f\">\u2022<\/span> EGO \u2013 Ula\u015f\u0131m Planlama ve Rayl\u0131 Sistem Daireleri elemanlar\u0131na \u201c<strong><em>Proje Y\u00f6netimi<\/em><\/strong>\u201d konulu seminer (Te\u00ad\u00admmuz 1997).<\/td><\/tr><tr><td><span style=\"color: #cf014f\">\u2022<\/span> TA\u0130 (Tusa\u015f Aerospace Industries) \u2013 Y\u00f6netim Geli\u015ftirme Derne\u011fine \u201c<strong><em>Proje Planlamas\u0131<\/em><\/strong>\u201d konulu seminer (Temmuz 1997).<\/td><\/tr><tr><td><span style=\"color: #cf014f\">\u2022<\/span> Uluslararas\u0131 M\u00fcteahhitlik Hizmetleri Semineri: \u201c<strong><em>Uluslararas\u0131 Projelerde Risk Y\u00f6netimi, Stratejik \u0130\u015f Geli\u015ftirme ve Planlama<\/em><\/strong>\u201d (Uluslararas\u0131 M\u00fcteahhitler Birli\u011fi, Kas\u0131m 2002-Ocak 2003).<\/td><\/tr><tr><td><span style=\"color: #cf014f\">\u2022<\/span> T.C. Ekonomi Bakanl\u0131\u011f\u0131 destekli, T\u00fcrk M\u00fc\u015favir M\u00fchendisler ve Mimarlar Birli\u011fi \u00fcyelerine \u201c<strong><em>Uluslararas\u0131 Yap\u0131m Y\u00f6netiminde G\u00fcncel Teknoloji ve Yakla\u015f\u0131mlar- \u00d6rnek Olaylarla Hukuksal Hak Talepleri <\/em><\/strong>\u201d konulu seminer (Kas\u0131m 2015).<\/td><\/tr><\/tbody><\/table><\/figure>\n","protected":false},"excerpt":{"rendered":"<p>AKADEM\u0130K DENEY\u0130M \u2022 1979-1980 : \u00d6\u011frenci Asistan, ODT\u00dc \u0130n\u015faat M\u00fchendisli\u011fi B\u00f6l\u00fcm\u00fc \u2022 1980-1981 : Ara\u015ft\u0131rma G\u00f6revlisi, ODT\u00dc \u0130n\u015faat M\u00fchendisli\u011fi B\u00f6l\u00fcm\u00fc Yap\u0131m Y\u00f6netimi Dal\u0131 \u2022 1981-1983 : \u00d6\u011fretim Asistan\u0131, ODT\u00dc \u0130n\u015faat M\u00fchendisli\u011fi B\u00f6l\u00fcm\u00fc Yap\u0131m Y\u00f6netimi Dal\u0131 \u2022 1983-1985 : Ara\u015ft\u0131rma\/\u00d6\u011fretim Asistan\u0131, ODT\u00dc \u0130n\u015faat M\u00fchendisli\u011fi B\u00f6l\u00fcm\u00fc, Yap\u0131m Y\u00f6netimi Dal\u0131 \u2022 1985-1990 : \u00d6\u011fretim G\u00f6revlisi, ODT\u00dc \u0130n\u015faat M\u00fchendisli\u011fi [&hellip;]<\/p>\n","protected":false},"author":4304,"featured_media":0,"parent":0,"menu_order":3,"comment_status":"closed","ping_status":"closed","template":"","meta":{"footnotes":"","_links_to":"","_links_to_target":""},"class_list":["post-42","page","type-page","status-publish","hentry"],"_links":{"self":[{"href":"https:\/\/blog.metu.edu.tr\/birgonul\/tr\/wp-json\/wp\/v2\/pages\/42","targetHints":{"allow":["GET"]}}],"collection":[{"href":"https:\/\/blog.metu.edu.tr\/birgonul\/tr\/wp-json\/wp\/v2\/pages"}],"about":[{"href":"https:\/\/blog.metu.edu.tr\/birgonul\/tr\/wp-json\/wp\/v2\/types\/page"}],"author":[{"embeddable":true,"href":"https:\/\/blog.metu.edu.tr\/birgonul\/tr\/wp-json\/wp\/v2\/users\/4304"}],"replies":[{"embeddable":true,"href":"https:\/\/blog.metu.edu.tr\/birgonul\/tr\/wp-json\/wp\/v2\/comments?post=42"}],"version-history":[{"count":0,"href":"https:\/\/blog.metu.edu.tr\/birgonul\/tr\/wp-json\/wp\/v2\/pages\/42\/revisions"}],"wp:attachment":[{"href":"https:\/\/blog.metu.edu.tr\/birgonul\/tr\/wp-json\/wp\/v2\/media?parent=42"}],"curies":[{"name":"wp","href":"https:\/\/api.w.org\/{rel}","templated":true}]}}