{"id":263,"date":"2021-09-24T13:15:37","date_gmt":"2021-09-24T13:15:37","guid":{"rendered":"https:\/\/blog.metu.edu.tr\/bayer\/?page_id=263"},"modified":"2025-08-22T06:47:38","modified_gmt":"2025-08-22T06:47:38","slug":"kisiler","status":"publish","type":"page","link":"https:\/\/blog.metu.edu.tr\/bayer\/kisiler\/","title":{"rendered":"Ki\u015filer"},"content":{"rendered":"\n<table id=\"tablepress-1\" class=\"tablepress tablepress-id-1\">\n<tbody class=\"row-striping row-hover\">\n<tr class=\"row-1\">\n\t<td class=\"column-1\"><img loading=\"lazy\" decoding=\"async\" src=\"https:\/\/blog.metu.edu.tr\/e253383\/files\/2022\/07\/Houman-Adl.jpeg\" alt=\"\" width=\"300\" height=\"300\" class=\"aligncenter size-medium wp-image-326\" \/><\/td><td class=\"column-2\"><b><u>Houman Farshineh Adl<\/b><\/u><br \/>\n<br \/>\nSharif University of Technology'de Makina M\u00fchendisli\u011fi b\u00f6l\u00fcm\u00fcnde lisans e\u011fitimi ald\u0131 ve y\u00fcksek lisans \u00f6\u011frencisi olarak Tahran \u00dcniversitesi'nde e\u011fitimine devam etti. Halen Orta Do\u011fu Teknik \u00dcniversitesi'nde Makina M\u00fchendisli\u011fi alan\u0131nda doktoras\u0131na devam etmektedir. Ba\u015fl\u0131ca ilgi alanlar\u0131, faz de\u011fi\u015ftiren malzemeler (PCM'ler) ve bunlar\u0131n \u0131s\u0131 transfer \u00f6zellikleri, Hesaplamal\u0131 Ak\u0131\u015fkanlar Dinami\u011fi (CFD) ve ak\u0131\u015fkanlar\u0131n s\u0131k\u0131\u015ft\u0131r\u0131labilirli\u011finin CFD uygulamalar\u0131na dahil edilmesidir.<br \/>\n<br \/>\n<b>Tez Ba\u015fl\u0131\u011f\u0131:<\/b> Zorlanm\u0131\u015f Ta\u015f\u0131n\u0131m ve S\u0131k\u0131\u015ft\u0131r\u0131labilirli\u011fin Bir Kavitedeki Faz De\u011fi\u015fim Malzemesinin Ge\u00e7ici Davran\u0131\u015f\u0131 \u00dczerindeki Etkisi<\/td>\n<\/tr>\n<tr class=\"row-2\">\n\t<td class=\"column-1\"><img loading=\"lazy\" decoding=\"async\" src=\"https:\/\/blog.metu.edu.tr\/myalcin\/files\/2024\/05\/Talip-Mollahuseyinoglu1.png\" alt=\"\" width=\"300\" height=\"300\" class=\"aligncenter size-medium wp-image-311\" \/><\/td><td class=\"column-2\"><b><u>Talip Mollah\u00fcseyino\u011flu<\/b><\/u><br \/>\n<br \/>\n2023 y\u0131l\u0131nda Orta Do\u011fu Teknik \u00dcniversitesi'nden mezun oldu. 2024 y\u0131l\u0131nda y\u00fcksek lisans e\u011fitimine ba\u015flad\u0131. \u0130lgi alanlar\u0131, \u0131s\u0131 transferi ve ak\u0131\u015fkanlar dinami\u011fidir. <br \/>\n<br \/>\n<b>Tez Ba\u015fl\u0131\u011f\u0131:<\/b> Zamana Ba\u011fl\u0131 Elektronik So\u011futma \u0130\u00e7in Faz De\u011fi\u015ftiren Malzemeli So\u011futma Plakas\u0131n\u0131n \u0130ncelenmesi<\/td>\n<\/tr>\n<\/tbody>\n<\/table>\n<!-- #tablepress-1 from cache -->\n<p><\/br><br \/>\n<b><u>Lisans \u00d6\u011frencileri<\/u><\/b><\/p>\n<p>Furkan Azman, Kutay \u00d6z\u015fahiner, Anar Alizadeh, \u00d6mer Faruk Do\u011frul, Ay\u015fenur Din\u00e7er, U\u011fur Ozan Baygeldi, Ali Al-Bdaer, Omar Atoui, Muhammad Ebrahim Chaudhry, Kayra Akkurt<\/p>\n<p><b><u>Ara\u015ft\u0131rma Grubu \u00d6nceki \u00dcyeleri<\/u><\/b><\/p>\n<p>Selin Erdo\u011fan<br \/>\n<i>Y\u00fcksek Lisans, ODT\u00dc, 2024<\/i><\/p>\n<p>\u00c7etin Ak\u00e7ay<br \/>\n<i>Y\u00fcksek Lisans, ODT\u00dc, 2024<\/i><\/p>\n<p>Elyas Salamatbakhsh<br \/>\n<i>Y\u00fcksek Lisans, ODT\u00dc, 2024<\/i><\/p>\n<p>Nursel G\u00fcler<br \/>\n<i>Y\u00fcksek Lisans, ODT\u00dc, 2024<\/i><\/p>\n<p>Seyedmohsen Baghaei Oskouei<br \/>\n<i>Y\u00fcksek Lisans, ODT\u00dc, 2023<\/i><\/p>\n<p>Abdurrahman Ate\u015f<br \/>\n<i>Y\u00fcksek Lisans, ODT\u00dc, 2022<\/i><\/p>\n<p>\u0130rem Karakaya<br \/>\n<i>Y\u00fcksek Lisans, ODT\u00dc, 2022<\/i><\/p>\n<p>Ay\u015fe U\u011fur<br \/>\n<i>Y\u00fcksek Lisans, ODT\u00dc, 2022<\/i><\/p>\n<p>Deniz P\u0131narl\u0131<br \/>\n<i>Y\u00fcksek Lisans, ODT\u00dc, 2022<\/i><\/p>\n","protected":false},"excerpt":{"rendered":"<p>Lisans \u00d6\u011frencileri Furkan Azman, Kutay \u00d6z\u015fahiner, Anar Alizadeh, \u00d6mer Faruk Do\u011frul, Ay\u015fenur Din\u00e7er, U\u011fur Ozan Baygeldi, Ali Al-Bdaer, Omar Atoui, Muhammad Ebrahim Chaudhry, Kayra Akkurt Ara\u015ft\u0131rma Grubu \u00d6nceki \u00dcyeleri Selin Erdo\u011fan Y\u00fcksek Lisans, ODT\u00dc, 2024 \u00c7etin Ak\u00e7ay Y\u00fcksek Lisans, ODT\u00dc, <a class=\"more-link\" href=\"https:\/\/blog.metu.edu.tr\/bayer\/kisiler\/\">Read More &#8230;<\/a><\/p>\n","protected":false},"author":7827,"featured_media":0,"parent":0,"menu_order":3,"comment_status":"closed","ping_status":"closed","template":"","meta":{"footnotes":"","_links_to":"","_links_to_target":""},"class_list":["post-263","page","type-page","status-publish","hentry"],"_links":{"self":[{"href":"https:\/\/blog.metu.edu.tr\/bayer\/wp-json\/wp\/v2\/pages\/263","targetHints":{"allow":["GET"]}}],"collection":[{"href":"https:\/\/blog.metu.edu.tr\/bayer\/wp-json\/wp\/v2\/pages"}],"about":[{"href":"https:\/\/blog.metu.edu.tr\/bayer\/wp-json\/wp\/v2\/types\/page"}],"author":[{"embeddable":true,"href":"https:\/\/blog.metu.edu.tr\/bayer\/wp-json\/wp\/v2\/users\/7827"}],"replies":[{"embeddable":true,"href":"https:\/\/blog.metu.edu.tr\/bayer\/wp-json\/wp\/v2\/comments?post=263"}],"version-history":[{"count":0,"href":"https:\/\/blog.metu.edu.tr\/bayer\/wp-json\/wp\/v2\/pages\/263\/revisions"}],"wp:attachment":[{"href":"https:\/\/blog.metu.edu.tr\/bayer\/wp-json\/wp\/v2\/media?parent=263"}],"curies":[{"name":"wp","href":"https:\/\/api.w.org\/{rel}","templated":true}]}}